{"id":12159,"date":"2024-02-20T17:24:29","date_gmt":"2024-02-20T17:24:29","guid":{"rendered":"https:\/\/iplantprotect.pt\/?post_type=iplantprotect_proj&#038;p=12159"},"modified":"2025-12-05T16:20:06","modified_gmt":"2025-12-05T16:20:06","slug":"snm_xylellavt-national-monitoring-system-for-insect-vectors-of-xylella-fastidiosa","status":"publish","type":"iplantprotect_proj","link":"https:\/\/iplantprotect.pt\/en\/iplantprotect_proj\/snm_xylellavt-sistema-nacional-de-monitorizacao-de-insetos-vetores-da-xylella-fastidiosa\/","title":{"rendered":"SNM_XylellaVt - National System for Monitoring Insect Vectors of Xylella fastidiosa"},"content":{"rendered":"\n<p><strong>BACKGROUND<\/strong><\/p>\n\n\n\n<p><em>Xylella fastidiosa<\/em> \u00e9 uma bact\u00e9ria de quarentena que afeta centenas de esp\u00e9cies vegetais, incluindo as de maior valor econ\u00f3mico e ambiental, tal como a oliveira, as prun\u00f3ideas [1], os citrinos, a videira, o sobreiro, o carvalho, e muitas outras esp\u00e9cies florestais, ornamentais e espont\u00e2neas.<\/p>\n\n\n\n<p>Esta bact\u00e9ria \u00e9 uma das 20 pragas de quarentena priorit\u00e1rias da Uni\u00e3o Europeia, e dispersa-se a dist\u00e2ncias curtas atrav\u00e9s de insetos vetores [2] e, a longas dist\u00e2ncias, pelo transporte de plantas contaminadas [3]. Considera-se que o risco de dispers\u00e3o no nosso territ\u00f3rio \u00e9 elevado, tendo em conta a circula\u00e7\u00e3o de material de propaga\u00e7\u00e3o proveniente de diversas regi\u00f5es, as frequentes infe\u00e7\u00f5es latentes (assintom\u00e1ticas, i.e., que n\u00e3o apresentam sintomas), as quais dificultam a sua dete\u00e7\u00e3o precoce, e a presen\u00e7a no nosso territ\u00f3rio de esp\u00e9cies de insetos capazes de a dispersarem. A presen\u00e7a da bact\u00e9ria foi confirmada pela primeira vez em Portugal, em janeiro de 2019 na \u00e1rea metropolitana do Porto, e desde esse ano tem sido registada noutras regi\u00f5es do pa\u00eds.<\/p>\n\n\n\n<p>Nesse sentido surge o<strong> projeto SNM_XylellaVt<\/strong>, como uma uni\u00e3o de for\u00e7as para conter a doen\u00e7a \u00e0s \u00e1reas identificadas at\u00e9 agora e travar a dispers\u00e3o desta doen\u00e7a pelo resto do territ\u00f3rio portugu\u00eas.<\/p>\n\n\n\n<p><\/p>\n\n\n\n<figure class=\"wp-block-gallery has-nested-images columns-default is-cropped wp-block-gallery-1 is-layout-flex wp-block-gallery-is-layout-flex\">\n<figure class=\"wp-block-image size-large\"><img fetchpriority=\"high\" decoding=\"async\" width=\"1024\" height=\"685\" data-id=\"12227\" src=\"https:\/\/easb4aajaue.exactdn.com\/wp-content\/uploads\/2025\/05\/XYLEFA_2350.jpg?strip=all&resize=800%2C535\" alt=\"\" class=\"wp-image-12227\"\/><figcaption class=\"wp-element-caption\"><strong>Credit:<\/strong>&nbsp;Camille Picard<\/figcaption><\/figure>\n\n\n\n<figure class=\"wp-block-image size-large\"><img decoding=\"async\" width=\"600\" height=\"400\" data-id=\"12224\" src=\"https:\/\/easb4aajaue.exactdn.com\/wp-content\/uploads\/2025\/05\/depositphotos_378817382-stock-photo-infested-olive-trees-bacterium-xylella.webp?strip=all&resize=600%2C400\" alt=\"\" class=\"wp-image-12224\"\/><\/figure>\n\n\n\n<figure class=\"wp-block-image size-large\"><img decoding=\"async\" width=\"1024\" height=\"685\" data-id=\"12226\" src=\"https:\/\/easb4aajaue.exactdn.com\/wp-content\/uploads\/2025\/05\/foto-entrada.jpg?strip=all&resize=800%2C535\" alt=\"\" class=\"wp-image-12226\"\/><figcaption class=\"wp-element-caption\"><strong>Credit:<\/strong>&nbsp;Camille Picard<\/figcaption><\/figure>\n<\/figure>\n\n\n\n<p><\/p>\n\n\n\n<p><\/p>\n\n\n\n<p><strong>SINOPSE<\/strong><\/p>\n\n\n\n<p>O projeto SNM_XylellaVt pretende criar uma rede para a monitoriza\u00e7\u00e3o da <em>X. fastidiosa<\/em> e do(s) seu(s) inseto(s) vetor(es), em particular a cigarrinha das espumas, de nome cient\u00edfico (<em>Philaenus spumarius<\/em>), permitindo o desenvolvimento de novas ferramentas, como os modelos de previs\u00e3o de risco que, na presen\u00e7a da bact\u00e9ria, seja nas plantas ou nos insetos vetores, permitam ao Servi\u00e7o Nacional de Avisos Agr\u00edcolas (SNAA) alertar, em tempo real, sobre os n\u00edveis econ\u00f3micos de ataque (NEA) para estes insetos, permitindo, assim prevenir a infe\u00e7\u00e3o das principais culturas.<\/p>\n\n\n\n<p>Face a esta amea\u00e7a fitossanit\u00e1ria, criar sistemas de preven\u00e7\u00e3o eficazes, baseados em moderna tecnologia digital permite a capta\u00e7\u00e3o e fixa\u00e7\u00e3o de jovens em territ\u00f3rios de baixa densidade e contribui para a implementa\u00e7\u00e3o de pr\u00e1ticas mais sustent\u00e1veis que permitir\u00e3o melhorar e aumentar a rentabilidade ambiental e econ\u00f3mica das culturas e do setor agroalimentar.<\/p>\n\n\n\n<p><\/p>\n\n\n\n<figure class=\"wp-block-gallery has-nested-images columns-default is-cropped wp-block-gallery-2 is-layout-flex wp-block-gallery-is-layout-flex\">\n<figure class=\"wp-block-image size-large\"><img decoding=\"async\" data-id=\"12294\" src=\"https:\/\/easb4aajaue.exactdn.com\/wp-content\/uploads\/2025\/05\/2024-02-23-09.58.05-edited.jpg?strip=all&w=800\" alt=\"\" class=\"wp-image-12294\"\/><\/figure>\n\n\n\n<figure class=\"wp-block-image size-large\"><img decoding=\"async\" data-id=\"12296\" src=\"https:\/\/easb4aajaue.exactdn.com\/wp-content\/uploads\/2025\/05\/2024-02-23-10.06.28-edited.jpg?strip=all&w=800\" alt=\"\" class=\"wp-image-12296\"\/><\/figure>\n\n\n\n<figure class=\"wp-block-image size-large\"><img loading=\"lazy\" decoding=\"async\" width=\"612\" height=\"392\" data-id=\"12220\" src=\"https:\/\/easb4aajaue.exactdn.com\/wp-content\/uploads\/2025\/05\/gettyimages-979813682-612x612-1.jpg?strip=all&resize=612%2C392\" alt=\"\" class=\"wp-image-12220\"\/><figcaption class=\"wp-element-caption\">Cr\u00e9dito: Sandra Standbridge<\/figcaption><\/figure>\n<\/figure>\n\n\n\n<p><\/p>\n\n\n\n<p><\/p>\n\n\n\n<p><strong>OBJETIVOS<\/strong><\/p>\n\n\n\n<p>1. Cria\u00e7\u00e3o de um sistema de monitoriza\u00e7\u00e3o e de Avisos \u00e9 permitir aumentar a preven\u00e7\u00e3o das infe\u00e7\u00f5es das culturas pela bact\u00e9ria <em>X. fastidiosa<\/em>, atuando no controlo dos seus vetores. Os avisos gerados pelo SNAA poder\u00e3o assim apoiar os munic\u00edpios, os agricultores e produtores florestais num controlo mais direcionado e eficaz destes insetos, reduzindo assim o risco fitossanit\u00e1rio de infe\u00e7\u00e3o pela <em>X. fastidiosa<\/em> e prevenindo a sua dispers\u00e3o. Dispor de tal sistema contribuir\u00e1 para uma maior resili\u00eancia dos sistemas produtivos e redu\u00e7\u00e3o do risco de perda das culturas.<\/p>\n\n\n\n<p>2. A iniciativa ir\u00e1 tamb\u00e9m desenvolver um programa de capacita\u00e7\u00e3o centrado no desenvolvimento das melhores pr\u00e1ticas agr\u00edcolas para controlo dos insetos vetores da <em>X. fastidiosa<\/em>, e nos resultados dos trabalhos a desenvolver. A iniciativa ir\u00e1 envolver os Polos de Inova\u00e7\u00e3o afetos \u00e0s DRAP e \u00e0 DGAV, para al\u00e9m das explora\u00e7\u00f5es das PME parceiras.<\/p>\n\n\n\n<p>3. Pretende-se ainda desenvolver e validar armadilhas inteligentes que permitam identificar os principais vetores, em especial o <em>P. spumarius<\/em> que possam vir a ser usadas pelo SNAA.<\/p>\n\n\n\n<p><\/p>\n\n\n\n<p><strong>ATIVIDADES<\/strong><\/p>\n\n\n\n<p><strong>1. Instala\u00e7\u00e3o de uma rede de postos de observa\u00e7\u00e3o biol\u00f3gica (POB) ao longo do pa\u00eds, <\/strong>abrangendo vinha, pomares de fruteiras, olival, montado de sobro e ambiente natural ou ajardinado,<strong> para registo da presen\u00e7a dos principais insetos vetores da <em>X. fastidiosa<\/em><\/strong>, estudo do seu ciclo biol\u00f3gico e das esp\u00e9cies vegetais hospedeiras dos insetos ao longo do seu ciclo biol\u00f3gico. InPP participa na recolha de dados em duas \u00e1reas: montado e vinha.<\/p>\n\n\n\n<p><strong>2. An\u00e1lise de dados e desenvolvimento de modelo de previs\u00e3o de risco<\/strong>, envolvendo pelo menos um dos insetos vetores de maior risco, o <em>P. spumarius<\/em>, baseado nos dados a obter na rede de POB, que possa vir a ser utilizado para a emiss\u00e3o de Avisos, atrav\u00e9s do SNAA, visando promover as medidas de controlo mais eficazes nas zonas demarcadas, e ainda, constituir recomenda\u00e7\u00f5es de controlo nas zonas n\u00e3o afetadas pela doen\u00e7a. O InPP est\u00e1 respons\u00e1vel por executar esta atividade.<\/p>\n\n\n\n<p><strong>3. Desenvolvimento de novos sistemas de apoio \u00e0 monitoriza\u00e7\u00e3o e identifica\u00e7\u00e3o de insetos<\/strong>, atrav\u00e9s do uso de armadilhas inteligentes, que permitam desenvolver e validar tecnologias para a observa\u00e7\u00e3o e identifica\u00e7\u00e3o digital de insetos vetores da <em>X. fastidiosa<\/em>.<\/p>\n\n\n\n<p><strong>4. Capacita\u00e7\u00e3o e comunica\u00e7\u00e3o<\/strong>, com o desenvolvimento de um programa de capacita\u00e7\u00e3o direcionado a todos os t\u00e9cnicos das entidades envolvidas no projeto e produtores para a identifica\u00e7\u00e3o dos principais insetos vetores da <em>X. fastidiosa<\/em>, em particular o <em>P. spumarius<\/em>, e melhores pr\u00e1ticas para o seu controlo.<\/p>\n\n\n\n<p><\/p>\n\n\n\n<figure class=\"wp-block-gallery has-nested-images columns-default is-cropped wp-block-gallery-3 is-layout-flex wp-block-gallery-is-layout-flex\">\n<figure class=\"wp-block-image size-large\"><img loading=\"lazy\" decoding=\"async\" width=\"1000\" height=\"753\" data-id=\"12284\" src=\"https:\/\/easb4aajaue.exactdn.com\/wp-content\/uploads\/2025\/05\/IMG20231003131958_scaled.jpg?strip=all&resize=800%2C602\" alt=\"\" class=\"wp-image-12284\"\/><\/figure>\n\n\n\n<figure class=\"wp-block-image size-large\"><img loading=\"lazy\" decoding=\"async\" width=\"1000\" height=\"750\" data-id=\"12286\" src=\"https:\/\/easb4aajaue.exactdn.com\/wp-content\/uploads\/2025\/05\/IMG20230205144014_scaled.jpg?strip=all&resize=800%2C600\" alt=\"\" class=\"wp-image-12286\"\/><\/figure>\n\n\n\n<figure class=\"wp-block-image size-large\"><img loading=\"lazy\" decoding=\"async\" width=\"1000\" height=\"750\" data-id=\"12288\" src=\"https:\/\/easb4aajaue.exactdn.com\/wp-content\/uploads\/2025\/05\/IMG20230409132133_scaled.jpg?strip=all&resize=800%2C600\" alt=\"\" class=\"wp-image-12288\"\/><\/figure>\n<\/figure>\n\n\n\n<p><\/p>\n\n\n\n<figure class=\"wp-block-image size-full is-resized\"><img loading=\"lazy\" decoding=\"async\" width=\"661\" height=\"513\" src=\"https:\/\/easb4aajaue.exactdn.com\/wp-content\/uploads\/2025\/05\/logo_XYLELLA_cor_transparente.png?strip=all&fit=271%2C513\" alt=\"\" class=\"wp-image-12738\" style=\"width:271px;height:auto\"\/><\/figure>\n\n\n\n<p>Log\u00f3tipo do projeto SNM_XylellaVt<\/p>\n\n\n\n<p><\/p>\n\n\n\n<p><strong>ORGANIZA\u00c7\u00d5ES ENVOLVIDAS<\/strong><\/p>\n\n\n\n<figure class=\"wp-block-image size-large is-resized\"><img loading=\"lazy\" decoding=\"async\" width=\"1024\" height=\"85\" src=\"https:\/\/easb4aajaue.exactdn.com\/wp-content\/uploads\/2025\/05\/Xylella_Parceiros-3-1024x85.png?strip=all&fit=800%2C81\" alt=\"\" class=\"wp-image-12435\" style=\"width:838px;height:auto\"\/><\/figure>\n\n\n\n<p><\/p>\n\n\n\n<p><strong>FINANCIAMENTO<\/strong><\/p>\n\n\n\n<figure class=\"wp-block-image size-large is-resized\"><img decoding=\"async\" src=\"https:\/\/easb4aajaue.exactdn.com\/wp-content\/uploads\/2025\/05\/BARRA-1024x148.png?strip=all&resize=800%2C116\" alt=\"\" class=\"wp-image-10799\" style=\"width:577px;height:auto\"\/><\/figure>\n\n\n\n<p><\/p>\n\n\n\n<p><\/p>\n\n\n\n<p>[1] As prun\u00f3ideas s\u00e3o todas as \u00e1rvores e arbustos do g\u00e9nero \u2018prunus\u2019, da fam\u00edlia das ros\u00e1ceas, nativas das regi\u00f5es temperadas, sobretudo do hemisf\u00e9rio norte, que incluem esp\u00e9cies frut\u00edferas, como ameixeira, cerejeira, ginjeira, pessegueiro e damasqueiro.<\/p>\n\n\n\n<p>[2] A bact\u00e9ria  <em>Xylella fastidios<\/em>a \u00e9 transmitida de umas plantas para as outras atrav\u00e9s de insetos vetores infetados que se alimentam do xilema. O principal vetor de transmiss\u00e3o da bact\u00e9ria na Europa \u00e9 a cigarrinha-da-espuma, de nome cient\u00edfico <em>Philaenus spumarius<\/em>, existindo, no entanto, outros potenciais vetores. O inseto (ninfas e adultos) \u00e9 infetado durante a sua alimenta\u00e7\u00e3o nos vasos do xilema de uma planta infetada.<\/p>\n\n\n\n<p>[3] A bact\u00e9ria <em>X. fastidiosa<\/em> coloniza o xilema provocando a obstru\u00e7\u00e3o da passagem de \u00e1gua e nutrientes. Causa sintomas semelhantes \u00e0 falta de \u00e1gua e car\u00eancias, como pontas e margens das folhas com aspeto seco, conduzindo \u00e0 morte das plantas.<\/p>\n","protected":false},"excerpt":{"rendered":"<p>BACKGROUND Xylella fastidiosa \u00e9 uma bact\u00e9ria de quarentena que afeta centenas de esp\u00e9cies vegetais, incluindo as de maior valor econ\u00f3mico e ambiental, tal como a oliveira, as prun\u00f3ideas [1], os citrinos, a videira, o sobreiro, o carvalho, e muitas outras esp\u00e9cies florestais, ornamentais e espont\u00e2neas. Esta bact\u00e9ria \u00e9 uma das 20 pragas de quarentena priorit\u00e1rias [&hellip;]<\/p>\n","protected":false},"featured_media":21106,"template":"","estado_do_projeto":[22],"patologia":[],"class_list":["post-12159","iplantprotect_proj","type-iplantprotect_proj","status-publish","has-post-thumbnail","hentry","estado_do_projeto-projetos-em-curso"],"acf":{"file":{"ID":12230,"id":12230,"title":"Xylella_ ficha de projeto","filename":"Xylella_-ficha-de-projeto.pdf","filesize":105462,"url":"https:\/\/iplantprotect.pt\/wp-content\/uploads\/2024\/02\/Xylella_-ficha-de-projeto.pdf","link":"https:\/\/iplantprotect.pt\/en\/iplantprotect_proj\/snm_xylellavt-sistema-nacional-de-monitorizacao-de-insetos-vetores-da-xylella-fastidiosa\/xylella_-ficha-de-projeto\/","alt":"","author":"2","description":"","caption":"","name":"xylella_-ficha-de-projeto","status":"inherit","uploaded_to":12159,"date":"2024-02-16 10:02:28","modified":"2024-02-16 10:02:28","menu_order":0,"mime_type":"application\/pdf","type":"application","subtype":"pdf","icon":"https:\/\/iplantprotect.pt\/wp-includes\/images\/media\/document.png"},"file_source":{"label":"Ficheiro","type":"file","formatted_value":{"ID":12230,"id":12230,"title":"Xylella_ ficha de projeto","filename":"Xylella_-ficha-de-projeto.pdf","filesize":105462,"url":"https:\/\/iplantprotect.pt\/wp-content\/uploads\/2024\/02\/Xylella_-ficha-de-projeto.pdf","link":"https:\/\/iplantprotect.pt\/en\/iplantprotect_proj\/snm_xylellavt-sistema-nacional-de-monitorizacao-de-insetos-vetores-da-xylella-fastidiosa\/xylella_-ficha-de-projeto\/","alt":"","author":"2","description":"","caption":"","name":"xylella_-ficha-de-projeto","status":"inherit","uploaded_to":12159,"date":"2024-02-16 10:02:28","modified":"2024-02-16 10:02:28","menu_order":0,"mime_type":"application\/pdf","type":"application","subtype":"pdf","icon":"https:\/\/iplantprotect.pt\/wp-includes\/images\/media\/document.png"}},"viewer":"","viewer_source":{"label":"Documento","type":"text","formatted_value":""},"info":[{"row":{"label":"Designa\u00e7\u00e3o do Projeto \/Acr\u00f3nimo","value":"SNM_XylellaVt"}},{"row":{"label":"C\u00f3digo do Projeto","value":"PROJECTO N\u00ba C05-i03-I-000176"}},{"row":{"label":"Programa\/Call","value":"PRR (Aviso N.\u00ba 13\/C05-i03\/2021)"}},{"row":{"label":"Estado","value":"Ativo"}},{"row":{"label":"Data de in\u00edcio","value":"01\/09\/2023"}},{"row":{"label":"Data de conclus\u00e3o","value":"30\/09\/2025"}},{"row":{"label":"Or\u00e7amento total","value":"\u20ac 873.594,22\u20ac"}},{"row":{"label":"Or\u00e7amento do CoLAB","value":"\u20ac 159.663,56\u20ac"}},{"row":{"label":"Entidade L\u00edder","value":"DRAPCENTRO"}}],"info_source":{"label":"Ficha","type":"repeater","formatted_value":[{"row":{"label":"Designa\u00e7\u00e3o do Projeto \/Acr\u00f3nimo","value":"SNM_XylellaVt"}},{"row":{"label":"C\u00f3digo do Projeto","value":"PROJECTO N\u00ba C05-i03-I-000176"}},{"row":{"label":"Programa\/Call","value":"PRR (Aviso N.\u00ba 13\/C05-i03\/2021)"}},{"row":{"label":"Estado","value":"Ativo"}},{"row":{"label":"Data de in\u00edcio","value":"01\/09\/2023"}},{"row":{"label":"Data de conclus\u00e3o","value":"30\/09\/2025"}},{"row":{"label":"Or\u00e7amento total","value":"\u20ac 873.594,22\u20ac"}},{"row":{"label":"Or\u00e7amento do CoLAB","value":"\u20ac 159.663,56\u20ac"}},{"row":{"label":"Entidade L\u00edder","value":"DRAPCENTRO"}}]},"members":[{"member":"","position":"Investigadora, InPP"},{"member":2770,"position":"Investigador, InPP"},{"member":2744,"position":"Investigador, InPP"},{"member":"","position":"Investigadora, InPP"},{"member":10155,"position":"Gestor de Projeto"},{"member":6428,"position":"Gestora de Comunica\u00e7\u00e3o"},{"member":"","position":"Gestor Financeiro"}],"members_source":{"label":"Membros","type":"repeater","formatted_value":[{"member":false,"position":"Investigadora, InPP"},{"member":{"ID":2770,"post_author":"2","post_date":"2021-01-06 17:27:19","post_date_gmt":"2021-01-06 17:27:19","post_content":"<!-- wp:paragraph -->\n<p><strong>Investigador doutorado s\u00e9nior, <strong>Monitoriza\u00e7\u00e3o Inteligente de Pragas e Doen\u00e7as<\/strong><\/strong><\/p>\n<!-- \/wp:paragraph -->\n\n<!-- wp:paragraph -->\n<p>Doutoramento em Ecologia pela Universidade Aut\u00f3noma de Madrid, Espanha<\/p>\n<!-- \/wp:paragraph -->\n\n<!-- wp:paragraph -->\n<p><strong><strong>\u00c1reas de compet\u00eancia:<\/strong><\/strong> <\/p>\n<!-- \/wp:paragraph -->\n\n<!-- wp:paragraph -->\n<p>Modela\u00e7\u00e3o Ecol\u00f3gica; An\u00e1lise Espacial; Geoestat\u00edstica; Dete\u00e7\u00e3o remota<\/p>\n<!-- \/wp:paragraph -->\n\n<!-- wp:paragraph -->\n<p><strong><strong>Fun\u00e7\u00f5es anteriores:<\/strong><\/strong><\/p>\n<!-- \/wp:paragraph -->\n\n<!-- wp:paragraph -->\n<p>Investigador contratado, Universidade de Coimbra<\/p>\n<!-- \/wp:paragraph -->\n\n<!-- wp:paragraph -->\n<p>Investigador convidado no MED, Universidade de \u00c9vora<\/p>\n<!-- \/wp:paragraph -->\n\n<!-- wp:paragraph -->\n<p>Investigador P\u00f3s-doc da Rede REMEDINAL, Universidad Rey Juan Carlos\/ Universidad Autonoma de Madrid<\/p>\n<!-- \/wp:paragraph -->\n\n<!-- wp:paragraph -->\n<p><strong>23 publica\u00e7\u00f5es cient\u00edficas; \u00edndice h (Scopus): 9<\/strong><\/p>\n<!-- \/wp:paragraph -->\n\n<!-- wp:paragraph -->\n<p><strong>Duas<\/strong> <strong>publica\u00e7\u00f5es relevantes:<\/strong><\/p>\n<!-- \/wp:paragraph -->\n\n<!-- wp:paragraph -->\n<p>Hornero, A., Zarco-Tejada, P., Marengo, I., <strong>Faria, N.<\/strong> and Hernandez Clemente, R. (2024). Detection of oak decline using radiative transfer modelling and machine learning from multispectral and thermal RPAS imagery. <em>International Journal of Applied Earth Observation and Geoinformation<\/em>. 127 (103679). <a href=\"https:\/\/doi.org\/10.1016\/j.jag.2024.103679\">https:\/\/doi.org\/10.1016\/j.jag.2024.103679<\/a><\/p>\n<!-- \/wp:paragraph -->\n\n<!-- wp:paragraph -->\n<p><strong>Faria, N<\/strong>. and Morales, M.B. (2022). Linking entomofauna and farmland management to enhance ecosystem services in Mediterranean drylands. <em>Annals of Applied Biology<\/em>, 180(3), 407\u2013418. https:\/\/doi.org\/10.1111\/aab.12741<\/p>\n<!-- \/wp:paragraph -->","post_title":"Nuno Faria","post_excerpt":"","post_status":"publish","comment_status":"closed","ping_status":"closed","post_password":"","post_name":"nuno-faria","to_ping":"","pinged":"","post_modified":"2026-02-24 11:34:04","post_modified_gmt":"2026-02-24 11:34:04","post_content_filtered":"","post_parent":0,"guid":"https:\/\/iplantprotect.pt\/?post_type=iplantprotect_member&#038;p=2770","menu_order":0,"post_type":"iplantprotect_member","post_mime_type":"","comment_count":"0","filter":"raw"},"position":"Investigador, InPP"},{"member":{"ID":2744,"post_author":"2","post_date":"2021-01-05 10:48:23","post_date_gmt":"2021-01-05 10:48:23","post_content":"<!-- wp:paragraph -->\n<p><strong><strong><strong>Diretor<\/strong>, <strong>Ci\u00eancia de Dados e Bioinform\u00e1tica<\/strong><\/strong><\/strong><\/p>\n<!-- \/wp:paragraph -->\n\n<!-- wp:paragraph -->\n<p>Doutorado em Biologia Evolutiva, pela Universidade de Edimburgo, Reino Unido<\/p>\n<!-- \/wp:paragraph -->\n\n<!-- wp:paragraph -->\n<p><strong><strong>\u00c1reas de compet\u00eancia:<\/strong><\/strong> <\/p>\n<!-- \/wp:paragraph -->\n\n<!-- wp:paragraph -->\n<p>Bioinform\u00e1tica; Biologia Evolutiva; Gen\u00f3mica microbiana\/ Metagen\u00f3mica; Estat\u00edstica<\/p>\n<!-- \/wp:paragraph -->\n\n<!-- wp:paragraph -->\n<p><strong><strong>Fun\u00e7\u00f5es anteriores:<\/strong><\/strong><\/p>\n<!-- \/wp:paragraph -->\n\n<!-- wp:paragraph -->\n<p>Investigador P\u00f3s-Doutorado no projeto ONEIDA, Instituto Gulbenkian de Ci\u00eancia, Oeiras, Portugal<\/p>\n<!-- \/wp:paragraph -->\n\n<!-- wp:paragraph -->\n<p>Investigador P\u00f3s-Doutorado FCT no Instituto Gulbenkian de Ci\u00eancia, Oeiras, Portugal<\/p>\n<!-- \/wp:paragraph -->\n\n<!-- wp:paragraph -->\n<p><strong><strong>20<\/strong> <strong>publica\u00e7\u00f5es cient\u00edficas; \u00edndice h (Scopus): 1<\/strong>5<\/strong><\/p>\n<!-- \/wp:paragraph -->\n\n<!-- wp:paragraph -->\n<p><strong><strong>Duas publica\u00e7\u00f5es relevantes:<\/strong><\/strong><\/p>\n<!-- \/wp:paragraph -->\n\n<!-- wp:paragraph -->\n<p><strong>Ramiro, R. S.<\/strong>, Dur\u00e3o, P., Bank, C., and Gordo, I. (2020). Low mutational load and high mutation rate variation in gut commensal bacteria. <em>PLoS Biology<\/em>, 18(3), e3000617, DOI: <a href=\"https:\/\/doi.org\/10.1371\/journal.pbio.3000617\" target=\"_blank\" rel=\"noreferrer noopener\">10.1371\/journal.pbio.3000617<\/a><\/p>\n<!-- \/wp:paragraph -->\n\n<!-- wp:paragraph -->\n<p>Sousa, A., <strong>Ramiro, R. S.<\/strong>, Barroso-Batista, J., G\u00fcleresi, D., Louren\u00e7o, M., &amp; Gordo, I. (2017). Recurrent Reverse Evolution Maintains Polymorphism after Strong Bottlenecksin Commensal Gut Bacteria. <em>Molecular Biology and Evolution<\/em>, 34(11), 2879-2892, DOI: <a href=\"https:\/\/doi.org\/10.1093\/molbev\/msx221\" target=\"_blank\" rel=\"noreferrer noopener\">10.1093\/molbev\/msx221<\/a><\/p>\n<!-- \/wp:paragraph -->\n\n<!-- wp:paragraph -->\n<p><\/p>\n<!-- \/wp:paragraph -->","post_title":"Ricardo Ramiro","post_excerpt":"","post_status":"publish","comment_status":"closed","ping_status":"closed","post_password":"","post_name":"ricardo-ramiro","to_ping":"","pinged":"","post_modified":"2026-02-24 10:12:42","post_modified_gmt":"2026-02-24 10:12:42","post_content_filtered":"","post_parent":0,"guid":"https:\/\/iplantprotect.pt\/?post_type=iplantprotect_member&#038;p=2744","menu_order":0,"post_type":"iplantprotect_member","post_mime_type":"","comment_count":"0","filter":"raw"},"position":"Investigador, InPP"},{"member":false,"position":"Investigadora, InPP"},{"member":{"ID":10155,"post_author":"2","post_date":"2023-06-19 15:30:38","post_date_gmt":"2023-06-19 15:30:38","post_content":"<!-- wp:paragraph -->\n<p><strong>Gestor de Projeto, Administra\u00e7\u00e3o Financeira<\/strong><\/p>\n<!-- \/wp:paragraph -->\n\n<!-- wp:paragraph -->\n<p>Licenciado em Gest\u00e3o pela Universidade do Algarve<\/p>\n<!-- \/wp:paragraph -->\n\n<!-- wp:paragraph -->\n<p><strong>\u00c1reas de compet\u00eancia:<\/strong><\/p>\n<!-- \/wp:paragraph -->\n\n<!-- wp:paragraph -->\n<p>Contabilidade; Administra\u00e7\u00e3o<\/p>\n<!-- \/wp:paragraph -->\n\n<!-- wp:paragraph -->\n<p><strong>Fun\u00e7\u00f5es anteriores:<\/strong><\/p>\n<!-- \/wp:paragraph -->\n\n<!-- wp:paragraph -->\n<p>T\u00e9cnico de movimento na Frota azul algarve \u2013 Grupo Barraqueiro<\/p>\n<!-- \/wp:paragraph -->\n\n<!-- wp:paragraph -->\n<p>T\u00e9cnico de contabilidade na Junta de freguesia de Portim\u00e3o<\/p>\n<!-- \/wp:paragraph -->","post_title":"Lu\u00eds Santos","post_excerpt":"","post_status":"publish","comment_status":"closed","ping_status":"closed","post_password":"","post_name":"luis-santos","to_ping":"","pinged":"","post_modified":"2023-06-19 15:30:38","post_modified_gmt":"2023-06-19 15:30:38","post_content_filtered":"","post_parent":0,"guid":"https:\/\/iplantprotect.pt\/?post_type=iplantprotect_member&#038;p=10155","menu_order":0,"post_type":"iplantprotect_member","post_mime_type":"","comment_count":"0","filter":"raw"},"position":"Gestor de Projeto"},{"member":{"ID":6428,"post_author":"1","post_date":"2022-07-01 14:59:54","post_date_gmt":"2022-07-01 14:59:54","post_content":"<!-- wp:paragraph -->\n<p><strong>Gestora de Comunica\u00e7\u00e3o<strong>; Comunica\u00e7\u00e3o de Ci\u00eancia<\/strong><\/strong><\/p>\n<!-- \/wp:paragraph -->\n\n<!-- wp:paragraph -->\n<p>P\u00f3s-gradua\u00e7\u00e3o em Comunica\u00e7\u00e3o de Ci\u00eancia, NOVA FCSH\/ ITQB NOVA <\/p>\n<!-- \/wp:paragraph -->\n\n<!-- wp:paragraph -->\n<p>Mestre em Gest\u00e3o e Conserva\u00e7\u00e3o de Recursos Naturais, Instituto Superior de Agronomia (ISA)<\/p>\n<!-- \/wp:paragraph -->\n\n<!-- wp:paragraph -->\n<p><strong><strong>\u00c1reas de compet\u00eancia:<\/strong><\/strong><\/p>\n<!-- \/wp:paragraph -->\n\n<!-- wp:paragraph -->\n<p>Comunica\u00e7\u00e3o de Ci\u00eancia; Gest\u00e3o de Comunica\u00e7\u00e3o; Comunica\u00e7\u00e3o Institucional; Produ\u00e7\u00e3o e Gest\u00e3o de Conte\u00fados; Plataformas Digitais<\/p>\n<!-- \/wp:paragraph -->\n\n<!-- wp:paragraph -->\n<p><strong><strong>Fun\u00e7\u00f5es anteriores:<\/strong><\/strong><\/p>\n<!-- \/wp:paragraph -->\n\n<!-- wp:paragraph -->\n<p>Comunicadora de Ci\u00eancia no Centro de Biotecnologia Agr\u00edcola e Agro-Alimentar do Alentejo (CEBAL)<\/p>\n<!-- \/wp:paragraph -->\n\n<!-- wp:paragraph -->\n<p>Estagi\u00e1ria no Centro de Biotecnologia Agr\u00edcola e Agro-Alimentar do Alentejo (CEBAL)<\/p>\n<!-- \/wp:paragraph -->\n\n<!-- wp:paragraph -->\n<p>Membro da equipa de Comunica\u00e7\u00e3o da Rede Portuguesa de Ci\u00eancia Cidad\u00e3 (RPCC)<\/p>\n<!-- \/wp:paragraph -->\n\n<!-- wp:paragraph -->\n<p>Educadora Ambiental na C\u00e2mara Municipal de Oeiras, museus de ci\u00eancia e quintas pedag\u00f3gicas<\/p>\n<!-- \/wp:paragraph -->","post_title":"In\u00eas Ferreira","post_excerpt":"","post_status":"publish","comment_status":"closed","ping_status":"closed","post_password":"","post_name":"ines-ferreira","to_ping":"","pinged":"","post_modified":"2025-06-18 14:43:32","post_modified_gmt":"2025-06-18 14:43:32","post_content_filtered":"","post_parent":0,"guid":"https:\/\/iplantprotect.pt\/?post_type=iplantprotect_member&#038;p=6428","menu_order":0,"post_type":"iplantprotect_member","post_mime_type":"","comment_count":"0","filter":"raw"},"position":"Gestora de Comunica\u00e7\u00e3o"},{"member":false,"position":"Gestor Financeiro"}]},"members_external":null,"members_external_source":{"label":"Membros Externos","type":"repeater","formatted_value":false},"posts":null,"posts_source":{"label":"Posts","type":"repeater","formatted_value":false}},"_links":{"self":[{"href":"https:\/\/iplantprotect.pt\/en\/wp-json\/wp\/v2\/iplantprotect_proj\/12159","targetHints":{"allow":["GET"]}}],"collection":[{"href":"https:\/\/iplantprotect.pt\/en\/wp-json\/wp\/v2\/iplantprotect_proj"}],"about":[{"href":"https:\/\/iplantprotect.pt\/en\/wp-json\/wp\/v2\/types\/iplantprotect_proj"}],"version-history":[{"count":1,"href":"https:\/\/iplantprotect.pt\/en\/wp-json\/wp\/v2\/iplantprotect_proj\/12159\/revisions"}],"predecessor-version":[{"id":18037,"href":"https:\/\/iplantprotect.pt\/en\/wp-json\/wp\/v2\/iplantprotect_proj\/12159\/revisions\/18037"}],"wp:featuredmedia":[{"embeddable":true,"href":"https:\/\/iplantprotect.pt\/en\/wp-json\/wp\/v2\/media\/21106"}],"wp:attachment":[{"href":"https:\/\/iplantprotect.pt\/en\/wp-json\/wp\/v2\/media?parent=12159"}],"wp:term":[{"taxonomy":"estado_do_projeto","embeddable":true,"href":"https:\/\/iplantprotect.pt\/en\/wp-json\/wp\/v2\/estado_do_projeto?post=12159"},{"taxonomy":"patologia","embeddable":true,"href":"https:\/\/iplantprotect.pt\/en\/wp-json\/wp\/v2\/patologia?post=12159"}],"curies":[{"name":"wp","href":"https:\/\/api.w.org\/{rel}","templated":true}]}}