{"id":9123,"date":"2023-02-15T10:00:00","date_gmt":"2023-02-15T10:00:00","guid":{"rendered":"https:\/\/iplantprotect.pt\/?p=9123"},"modified":"2025-05-08T13:40:38","modified_gmt":"2025-05-08T13:40:38","slug":"inpp-marca-presenca-na-sessao-de-lancamento-da-agenda-insectera","status":"publish","type":"eventos","link":"https:\/\/iplantprotect.pt\/en\/eventos\/inpp-marca-presenca-na-sessao-de-lancamento-da-agenda-insectera\/","title":{"rendered":"InPP marca presen\u00e7a na sess\u00e3o de lan\u00e7amento da Agenda InsectERA"},"content":{"rendered":"<p>No passada ter\u00e7a-feira, dia 14 de Fevereiro, teve lugar a sess\u00e3o de lan\u00e7amento da Agenda Mobilizadora InsectERA \u2013 a ERA dos insetos, da qual o InnovPlantProtect (InPP) faz parte, no Centro de Exposi\u00e7\u00f5es e Mercados Agr\u00edcolas, em Santar\u00e9m.<\/p>\n\n\n\n<p>A agenda InsectERA, um cons\u00f3rcio de 42 entidades nacionais, com produtores de insetos, uma consultora de inova\u00e7\u00e3o tecnol\u00f3gica, laborat\u00f3rios colaborativos (CoLABs) e empresas, liderado pela empresa <a href=\"https:\/\/www.ingredientodyssey.pt\/\" target=\"_blank\" rel=\"noreferrer noopener\">Ingredient Odyssey SA<\/a> (respons\u00e1vel pela cria\u00e7\u00e3o da marca <a href=\"https:\/\/www.entogreen.com\/\" target=\"_blank\" rel=\"noreferrer noopener\">ThenGreen<\/a>\u00ae), a que equivale um investimento total de 43 milh\u00f5es de euros, e que pretende fomentar a economia circular e alavancar o desenvolvimento de solu\u00e7\u00f5es tecnol\u00f3gicas inovadoras \u00e0 base de insetos para o mercado. <\/p>\n\n\n\n<p>A ideia \u00e9 devolver subprodutos da agroind\u00fastria \u00e0 cadeia de valor, sob a forma de solu\u00e7\u00f5es nutricionais para pessoas, animais e plantas, e de novas solu\u00e7\u00f5es industriais, da cosm\u00e9tica aos biopl\u00e1sticos, bem como para o setor da biorremedia\u00e7\u00e3o, atrav\u00e9s da cria\u00e7\u00e3o de solu\u00e7\u00f5es de valoriza\u00e7\u00e3o de res\u00edduos org\u00e2nicos. <\/p>\n\n\n\n<p>Pedro Fevereiro, diretor executivo do InPP, esteve presente nesta sess\u00e3o de lan\u00e7amento, que juntou cerca de 120 pessoas e que contou com uma explica\u00e7\u00e3o sum\u00e1ria dos objetivos e estrat\u00e9gia de implementa\u00e7\u00e3o do projeto, focando os desafios de tornar uma vis\u00e3o a longo prazo numa realidade at\u00e9 2025, sendo, como explicado v\u00e1rias vezes, \u201cuma maratona em sprint\u201d na qual todos os parceiros ir\u00e3o acompanhar e contribuir para o sucesso. <\/p>\n\n\n\n<p>A sess\u00e3o de lan\u00e7amento contou com a abertura por parte do Presidente da C\u00e2mara Municipal de Santar\u00e9m, Ricardo Gon\u00e7alves, que referiu como a sua cidade se dever\u00e1 tornar a capital do setor bioindustrial dos insetos, gerando-se um conjunto de ferramentas que contribuir\u00e3o para que Santar\u00e9m detenha um ecossistema que fomente o desenvolvimento deste setor alavancando-o de Portugal para o Mundo.<\/p>\n\n\n\n<p>A Diretora Geral de Alimenta\u00e7\u00e3o e Veterin\u00e1ria, Susana Pombo, encerrou a sess\u00e3o focando os desafios atuais da sociedade que tornam esta Agenda Mobilizadora premente e uma enorme oportunidade de futuro para o nosso pa\u00eds, permitindo que desenvolvimentos t\u00e9cnicos e cient\u00edficos sejam alavancados de forma acelerada e coordenada envolvendo de forma estreita a coopera\u00e7\u00e3o entre entidades legais, centros de I&amp;D e empresas.<\/p>\n\n\n\n<p>O cons\u00f3rcio envolve tr\u00eas produtores de insetos em Portugal (EntoGreen, <a href=\"https:\/\/thunderfoods.pt\/\" target=\"_blank\" rel=\"noreferrer noopener\">Thunderfoods<\/a> e The Cricket Farm Company), a consultora de inova\u00e7\u00e3o tecnol\u00f3gica <a href=\"https:\/\/inova.business\/\" target=\"_blank\" rel=\"noreferrer noopener\">INOVA+<\/a>, os laborat\u00f3rios colaborativos <a href=\"https:\/\/b2e.pt\/\" target=\"_blank\" rel=\"noreferrer noopener\">B2E CoLab<\/a>, <a href=\"https:\/\/colab4food.com\/\" target=\"_blank\" rel=\"noreferrer noopener\">Colab4Food<\/a>, <a href=\"http:\/\/www.feedinov.com\/\" target=\"_blank\" rel=\"noreferrer noopener\">FeedInov CoLab<\/a> e InnovPlantProtect e as empresas <a href=\"https:\/\/www.auchan.pt\/\" target=\"_blank\" rel=\"noreferrer noopener\">Auchan<\/a>, <a href=\"https:\/\/www.mendesgoncalves.pt\/pt\" target=\"_blank\" rel=\"noreferrer noopener\">Mendes Gon\u00e7alves<\/a>, <a href=\"https:\/\/www.agromais.pt\/pt\/\" target=\"_blank\" rel=\"noreferrer noopener\">Agromais<\/a>, <a href=\"https:\/\/www.silvex.pt\/pt\/\" target=\"_blank\" rel=\"noreferrer noopener\">Silvex<\/a>, <a href=\"https:\/\/www.mesosystem.com\/\" target=\"_blank\" rel=\"noreferrer noopener\">Mesosystems<\/a>, Sorga, <a href=\"https:\/\/savinoruts.pt\/\" target=\"_blank\" rel=\"noreferrer noopener\">Savinor<\/a>, <a href=\"https:\/\/www.nutrifarms.pt\/pt\/\" target=\"_blank\" rel=\"noreferrer noopener\">Nutrifarms<\/a>, <a href=\"https:\/\/www.petmaxi.pt\/\" target=\"_blank\" rel=\"noreferrer noopener\">PetMaxi<\/a>, <a href=\"https:\/\/www.sensetest.pt\/\" target=\"_blank\" rel=\"noreferrer noopener\">Sensetest<\/a>, <a href=\"https:\/\/www.solfarcos.com\/index.html\" target=\"_blank\" rel=\"noreferrer noopener\">Solfarcos<\/a>, entre outras.<\/p>\n\n\n\n<p>Saiba mais informa\u00e7\u00f5es sobre a Agenda Mobilizadora <a href=\"https:\/\/www.insectera.pt\/\" target=\"_blank\" rel=\"noreferrer noopener\">here<\/a>.<\/p>\n\n\n\n<p><\/p>\n\n\n\n<figure class=\"wp-block-gallery has-nested-images columns-default is-cropped wp-block-gallery-1 is-layout-flex wp-block-gallery-is-layout-flex\">\n<figure class=\"wp-block-image size-large\"><img decoding=\"async\" data-id=\"9132\" src=\"https:\/\/easb4aajaue.exactdn.com\/wp\/wp-content\/uploads\/2023\/02\/AGENDAINSECTERA3.png?strip=all&w=800\" alt=\"\" class=\"wp-image-9132\"\/><\/figure>\n\n\n\n<figure class=\"wp-block-image size-large\"><img decoding=\"async\" data-id=\"9134\" src=\"https:\/\/easb4aajaue.exactdn.com\/wp\/wp-content\/uploads\/2023\/02\/INSECTERA4.png?strip=all&w=800\" alt=\"\" class=\"wp-image-9134\"\/><\/figure>\n\n\n\n<figure class=\"wp-block-image size-large\"><img decoding=\"async\" data-id=\"9130\" src=\"https:\/\/easb4aajaue.exactdn.com\/wp\/wp-content\/uploads\/2023\/02\/AGENDAINSECTERA1.png?strip=all&w=800\" alt=\"\" class=\"wp-image-9130\"\/><\/figure>\n<\/figure>\n\n\n\n<p><\/p>\n\n\n\n<figure class=\"wp-block-image size-full\"><img decoding=\"async\" src=\"https:\/\/easb4aajaue.exactdn.com\/wp\/wp-content\/uploads\/2023\/02\/InnovPlantProtect.png?strip=all&w=800\" alt=\"\" class=\"wp-image-9124\"\/><figcaption class=\"wp-element-caption\">Pedro Fevereiro, diretor executivo do InPP, marcou presen\u00e7a na sess\u00e3o de lan\u00e7amento, entregando a placa comemorativa alusiva ao in\u00edcio deste projeto, no qual o InPP participa<\/figcaption><\/figure>","protected":false},"excerpt":{"rendered":"<p>No passada ter\u00e7a-feira, dia 14 de Fevereiro, teve lugar a sess\u00e3o de lan\u00e7amento da Agenda Mobilizadora InsectERA \u2013 a ERA dos insetos, da qual o InnovPlantProtect (InPP) faz parte, no Centro de Exposi\u00e7\u00f5es e Mercados Agr\u00edcolas, em Santar\u00e9m. A agenda InsectERA, um cons\u00f3rcio de 42 entidades nacionais, com produtores de insetos, uma consultora de inova\u00e7\u00e3o [&hellip;]<\/p>\n","protected":false},"author":2,"featured_media":9126,"parent":0,"menu_order":0,"template":"","categories":[26],"tags":[],"class_list":["post-9123","eventos","type-eventos","status-publish","has-post-thumbnail","hentry","category-blog"],"acf":[],"_links":{"self":[{"href":"https:\/\/iplantprotect.pt\/en\/wp-json\/wp\/v2\/eventos\/9123","targetHints":{"allow":["GET"]}}],"collection":[{"href":"https:\/\/iplantprotect.pt\/en\/wp-json\/wp\/v2\/eventos"}],"about":[{"href":"https:\/\/iplantprotect.pt\/en\/wp-json\/wp\/v2\/types\/eventos"}],"author":[{"embeddable":true,"href":"https:\/\/iplantprotect.pt\/en\/wp-json\/wp\/v2\/users\/2"}],"version-history":[{"count":1,"href":"https:\/\/iplantprotect.pt\/en\/wp-json\/wp\/v2\/eventos\/9123\/revisions"}],"predecessor-version":[{"id":15001,"href":"https:\/\/iplantprotect.pt\/en\/wp-json\/wp\/v2\/eventos\/9123\/revisions\/15001"}],"wp:featuredmedia":[{"embeddable":true,"href":"https:\/\/iplantprotect.pt\/en\/wp-json\/"}],"wp:attachment":[{"href":"https:\/\/iplantprotect.pt\/en\/wp-json\/wp\/v2\/media?parent=9123"}],"wp:term":[{"taxonomy":"category","embeddable":true,"href":"https:\/\/iplantprotect.pt\/en\/wp-json\/wp\/v2\/categories?post=9123"},{"taxonomy":"post_tag","embeddable":true,"href":"https:\/\/iplantprotect.pt\/en\/wp-json\/wp\/v2\/tags?post=9123"}],"curies":[{"name":"wp","href":"https:\/\/api.w.org\/{rel}","templated":true}]}}