{"id":11014,"date":"2023-09-18T11:29:00","date_gmt":"2023-09-18T11:29:00","guid":{"rendered":"https:\/\/iplantprotect.pt\/?p=11014"},"modified":"2025-05-08T13:40:37","modified_gmt":"2025-05-08T13:40:37","slug":"dia-aberto-para-empresas-e-produtores-agricolas-para-mostrar-servicos-disponiveis-para-combater-pragas-e-doencas-das-plantas","status":"publish","type":"eventos","link":"https:\/\/iplantprotect.pt\/en\/eventos\/dia-aberto-para-empresas-e-produtores-agricolas-para-mostrar-servicos-disponiveis-para-combater-pragas-e-doencas-das-plantas\/","title":{"rendered":"Dia Aberto para empresas e produtores agr\u00edcolas mostrou servi\u00e7os dispon\u00edveis para combater pragas e doen\u00e7as das plantas"},"content":{"rendered":"<p class=\"wp-block-paragraph\">A primeira edi\u00e7\u00e3o do Dia Aberto para Empresas e Produtores Agr\u00edcolas do InnovPlantProtect (InPP) aconteceu na passada quarta-feira, dia 13 de setembro, entre as 9h30 e as 12h00, na sede na Esta\u00e7\u00e3o Nacional de Melhoramento de Plantas, p\u00f3lo do INIAV de Elvas, com uma manh\u00e3 de atividades destinadas a empresas e agricultores, como palestras e visitas aos laborat\u00f3rios. O Dia Aberto visou dar a conhecer a institui\u00e7\u00e3o por dentro, a inova\u00e7\u00e3o cient\u00edfico-tecnol\u00f3gica desenvolvida pela equipa de investigadores, os servi\u00e7os inovadores j\u00e1 disponibilizados pelo laborat\u00f3rio colaborativo (CoLAB), bem como identificar oportunidades de colabora\u00e7\u00e3o nas diversas vertentes de interven\u00e7\u00e3o do CoLAB elvense.<\/p>\n\n\n\n<p class=\"wp-block-paragraph\"><\/p>\n\n\n\n<figure class=\"wp-block-gallery has-nested-images columns-default is-cropped wp-block-gallery-1 is-layout-flex wp-block-gallery-is-layout-flex\">\n<figure class=\"wp-block-image size-large\"><img decoding=\"async\" data-id=\"11071\" src=\"https:\/\/easb4aajaue.exactdn.com\/wp\/wp-content\/uploads\/2023\/09\/Audiencia_1-1024x768.jpg?strip=all&resize=800%2C600\" alt=\"\" class=\"wp-image-11071\"\/><\/figure>\n\n\n\n<figure class=\"wp-block-image size-large\"><img decoding=\"async\" data-id=\"11069\" src=\"https:\/\/easb4aajaue.exactdn.com\/wp\/wp-content\/uploads\/2023\/09\/Audiencia_3-1024x768.jpg?strip=all&resize=800%2C600\" alt=\"\" class=\"wp-image-11069\"\/><\/figure>\n\n\n\n<figure class=\"wp-block-image size-large\"><img decoding=\"async\" data-id=\"11067\" src=\"https:\/\/easb4aajaue.exactdn.com\/wp\/wp-content\/uploads\/2023\/09\/Audiencia_2-1024x768.jpg?strip=all&resize=800%2C600\" alt=\"\" class=\"wp-image-11067\"\/><\/figure>\n<\/figure>\n\n\n\n<p class=\"wp-block-paragraph\"><\/p>\n\n\n\n<p class=\"wp-block-paragraph\">Pedro Fevereiro, diretor executivo do InPP, fez uma apresenta\u00e7\u00e3o do InPP, dando a conhecer os objetivos e os produtos que  a nossa equipa est\u00e1 a desenvolver como \u00e9 o caso dos biopesticidas, em que at\u00e9 j\u00e1 h\u00e1 um pedido de patente definitiva e patentes provis\u00f3rias para dois produtos, um contra o fogo bacteriano em pereiras e macieiras e outro contra a piriculariose do arroz. O diretor executivo revelou ainda os servi\u00e7os laboratoriais e digitais dispon\u00edveis para empresas do setor agr\u00edcola e para agricultores e apresentou a nova aplica\u00e7\u00e3o desenvolvida pelo CoLAB, a iCountPests, para a contagem e identifica\u00e7\u00e3o automatizada de pragas.<\/p>\n\n\n\n<p class=\"wp-block-paragraph\"><\/p>\n\n\n\n<figure class=\"wp-block-gallery has-nested-images columns-default is-cropped wp-block-gallery-2 is-layout-flex wp-block-gallery-is-layout-flex\">\n<figure class=\"wp-block-image size-large\"><img decoding=\"async\" data-id=\"11063\" src=\"https:\/\/easb4aajaue.exactdn.com\/wp\/wp-content\/uploads\/2023\/09\/Pedro_4-1024x937.png?strip=all&resize=800%2C732\" alt=\"\" class=\"wp-image-11063\"\/><\/figure>\n\n\n\n<figure class=\"wp-block-image size-large\"><img decoding=\"async\" data-id=\"11058\" src=\"https:\/\/easb4aajaue.exactdn.com\/wp\/wp-content\/uploads\/2023\/09\/Pedro_2-1024x872.png?strip=all&resize=800%2C681\" alt=\"\" class=\"wp-image-11058\"\/><\/figure>\n\n\n\n<figure class=\"wp-block-image size-large\"><img decoding=\"async\" data-id=\"11057\" src=\"https:\/\/easb4aajaue.exactdn.com\/wp\/wp-content\/uploads\/2023\/09\/Pedro_1-1024x768.png?strip=all&resize=800%2C600\" alt=\"\" class=\"wp-image-11057\"\/><\/figure>\n<\/figure>\n\n\n\n<p class=\"wp-block-paragraph\"><\/p>\n\n\n\n<p class=\"wp-block-paragraph\">De seguida, os participantes puderam ficar a conhecer os servi\u00e7os desenvolvidos pelos cinco departamentos do InPP em mais detalhe, atrav\u00e9s das apresenta\u00e7\u00f5es dos diretores dos v\u00e1rios departamentos. Cristina Azevedo, diretora do departamento de Novos Biopesticidas, come\u00e7ou por destacar os servi\u00e7os de quantifica\u00e7\u00e3o de microrganismos ben\u00e9ficos e de dete\u00e7\u00e3o e\/ou identifica\u00e7\u00e3o de agentes patog\u00e9nicos.<\/p>\n\n\n\n<p class=\"wp-block-paragraph\">J\u00e1 a diretora do departamento de Prote\u00e7\u00e3o de Culturas Espec\u00edficas, Sandra Correia, deu a conhecer os servi\u00e7os de identifica\u00e7\u00e3o molecular de variedades vegetais e de avalia\u00e7\u00e3o de produtos com potencial bioestimulante e biopesticida.<\/p>\n\n\n\n<p class=\"wp-block-paragraph\"><\/p>\n\n\n\n<figure class=\"wp-block-gallery has-nested-images columns-default is-cropped wp-block-gallery-3 is-layout-flex wp-block-gallery-is-layout-flex\">\n<figure class=\"wp-block-image size-large\"><img decoding=\"async\" data-id=\"11015\" src=\"https:\/\/easb4aajaue.exactdn.com\/wp\/wp-content\/uploads\/2023\/09\/Cristina_1-1024x961.png?strip=all&resize=800%2C751\" alt=\"\" class=\"wp-image-11015\"\/><\/figure>\n\n\n\n<figure class=\"wp-block-image size-large\"><img decoding=\"async\" data-id=\"11017\" src=\"https:\/\/easb4aajaue.exactdn.com\/wp\/wp-content\/uploads\/2023\/09\/Sandra_1-1024x923.png?strip=all&resize=800%2C721\" alt=\"\" class=\"wp-image-11017\"\/><\/figure>\n<\/figure>\n\n\n\n<p class=\"wp-block-paragraph\"><\/p>\n\n\n\n<p class=\"wp-block-paragraph\">O diretor do departamento de Gest\u00e3o de Dados e An\u00e1lise de Risco, Ricardo Ramiro, por sua vez, sublinhou as an\u00e1lises de microbioma de diferentes tipos de amostras, como solo, material vegetal e produtos a aplicar \u00e0s culturas que a equipa do CoLAB \u00e9 capaz de fazer, bem como as identifica\u00e7\u00f5es de centenas de esp\u00e9cies de fungos ou bact\u00e9rias presentes em cada amostra e os m\u00faltiplos agentes patog\u00e9nicos com uma \u00fanica an\u00e1lise.<\/p>\n\n\n\n<p class=\"wp-block-paragraph\">Posteriormente, iLaria Marengo, diretora do departamento de Monitoriza\u00e7\u00e3o e Diagn\u00f3stico de Pragas e Doen\u00e7as, falou acerca de armadilhas convencionais e inteligentes, sensores remotos e de proximidade, intelig\u00eancia artificial para modela\u00e7\u00e3o de riscos e previs\u00f5es, plataformas Web de visualiza\u00e7\u00e3o de dados de f\u00e1cil utiliza\u00e7\u00e3o e aplica\u00e7\u00f5es para smartphones que a equipa \u00e9 capaz de criar de forma personalizada, dependendo das necessidades do cliente.<\/p>\n\n\n\n<p class=\"wp-block-paragraph\">Por fim, Alexandra Machado, investigadora do Departamento de Formula\u00e7\u00f5es e Desenvolvimento de Processos, apresentou o trabalho que o departamento, do qual faz parte, tem estado a realizar, nomeadamente ao n\u00edvel do desenvolvimento e otimiza\u00e7\u00e3o de processos de formula\u00e7\u00e3o para agentes biol\u00f3gicos, empregando materiais sustent\u00e1veis e economicamente acess\u00edveis.<\/p>\n\n\n\n<p class=\"wp-block-paragraph\"><\/p>\n\n\n\n<figure class=\"wp-block-gallery has-nested-images columns-default is-cropped wp-block-gallery-4 is-layout-flex wp-block-gallery-is-layout-flex\">\n<figure class=\"wp-block-image size-large\"><img decoding=\"async\" data-id=\"11019\" src=\"https:\/\/easb4aajaue.exactdn.com\/wp\/wp-content\/uploads\/2023\/09\/Ricardo_1-1024x895.png?strip=all&resize=800%2C699\" alt=\"\" class=\"wp-image-11019\"\/><\/figure>\n\n\n\n<figure class=\"wp-block-image size-large\"><img decoding=\"async\" data-id=\"11023\" src=\"https:\/\/easb4aajaue.exactdn.com\/wp\/wp-content\/uploads\/2023\/09\/iLaria_1-1024x887.png?strip=all&resize=800%2C693\" alt=\"\" class=\"wp-image-11023\"\/><\/figure>\n\n\n\n<figure class=\"wp-block-image size-large\"><img decoding=\"async\" data-id=\"11021\" src=\"https:\/\/easb4aajaue.exactdn.com\/wp\/wp-content\/uploads\/2023\/09\/Alexandra_1-1024x918.png?strip=all&resize=800%2C717\" alt=\"\" class=\"wp-image-11021\"\/><\/figure>\n<\/figure>\n\n\n\n<p class=\"wp-block-paragraph\"><\/p>\n\n\n\n<p class=\"wp-block-paragraph\">No final da manh\u00e3, os visitantes deste Dia Aberto visitaram os laborat\u00f3rios do InPP, a estufa recentemente restaurada e as c\u00e2maras de crescimento, tendo sido esta visita orientada pelos investigadores do CoLAB.<\/p>\n\n\n\n<p class=\"wp-block-paragraph\"><\/p>\n\n\n\n<figure class=\"wp-block-gallery has-nested-images columns-default is-cropped wp-block-gallery-5 is-layout-flex wp-block-gallery-is-layout-flex\">\n<figure class=\"wp-block-image size-large\"><img decoding=\"async\" data-id=\"11104\" src=\"https:\/\/easb4aajaue.exactdn.com\/wp\/wp-content\/uploads\/2023\/09\/Estufa_1-2-1024x978.png?strip=all&resize=800%2C764\" alt=\"\" class=\"wp-image-11104\"\/><\/figure>\n\n\n\n<figure class=\"wp-block-image size-large\"><img decoding=\"async\" data-id=\"11106\" src=\"https:\/\/easb4aajaue.exactdn.com\/wp\/wp-content\/uploads\/2023\/09\/Estufa_2-2-1024x936.png?strip=all&resize=800%2C731\" alt=\"\" class=\"wp-image-11106\"\/><\/figure>\n\n\n\n<figure class=\"wp-block-image size-large\"><img decoding=\"async\" data-id=\"11108\" src=\"https:\/\/easb4aajaue.exactdn.com\/wp\/wp-content\/uploads\/2023\/09\/Estufa_3-2-1024x1007.png?strip=all&resize=800%2C787\" alt=\"\" class=\"wp-image-11108\"\/><\/figure>\n\n\n\n<figure class=\"wp-block-image size-large\"><img decoding=\"async\" data-id=\"11110\" src=\"https:\/\/easb4aajaue.exactdn.com\/wp\/wp-content\/uploads\/2023\/09\/Estufa_4-2-1024x896.png?strip=all&resize=800%2C700\" alt=\"\" class=\"wp-image-11110\"\/><\/figure>\n\n\n\n<figure class=\"wp-block-image size-large\"><img decoding=\"async\" data-id=\"11112\" src=\"https:\/\/easb4aajaue.exactdn.com\/wp\/wp-content\/uploads\/2023\/09\/Estufa_5-2-1024x1008.png?strip=all&resize=800%2C788\" alt=\"\" class=\"wp-image-11112\"\/><\/figure>\n\n\n\n<figure class=\"wp-block-image size-large\"><img decoding=\"async\" data-id=\"11114\" src=\"https:\/\/easb4aajaue.exactdn.com\/wp\/wp-content\/uploads\/2023\/09\/Estufa_6-2-1008x1024.png?strip=all&resize=800%2C813\" alt=\"\" class=\"wp-image-11114\"\/><\/figure>\n\n\n\n<figure class=\"wp-block-image size-large\"><img decoding=\"async\" data-id=\"11073\" src=\"https:\/\/easb4aajaue.exactdn.com\/wp\/wp-content\/uploads\/2023\/09\/Lab_1-1-1024x1001.png?strip=all&resize=800%2C782\" alt=\"\" class=\"wp-image-11073\"\/><\/figure>\n\n\n\n<figure class=\"wp-block-image size-large\"><img decoding=\"async\" data-id=\"11116\" src=\"https:\/\/easb4aajaue.exactdn.com\/wp\/wp-content\/uploads\/2023\/09\/Lab_2-2-1024x895.png?strip=all&resize=800%2C699\" alt=\"\" class=\"wp-image-11116\"\/><\/figure>\n\n\n\n<figure class=\"wp-block-image size-large\"><img decoding=\"async\" data-id=\"11118\" src=\"https:\/\/easb4aajaue.exactdn.com\/wp\/wp-content\/uploads\/2023\/09\/Lab_3-2-1024x983.png?strip=all&resize=800%2C768\" alt=\"\" class=\"wp-image-11118\"\/><\/figure>\n\n\n\n<figure class=\"wp-block-image size-large\"><img decoding=\"async\" data-id=\"11124\" src=\"https:\/\/easb4aajaue.exactdn.com\/wp\/wp-content\/uploads\/2023\/09\/Lab_6-2-1024x989.png?strip=all&resize=800%2C773\" alt=\"\" class=\"wp-image-11124\"\/><\/figure>\n\n\n\n<figure class=\"wp-block-image size-large\"><img decoding=\"async\" data-id=\"11122\" src=\"https:\/\/easb4aajaue.exactdn.com\/wp\/wp-content\/uploads\/2023\/09\/Lab_5-2-1024x645.png?strip=all&resize=800%2C504\" alt=\"\" class=\"wp-image-11122\"\/><\/figure>\n\n\n\n<figure class=\"wp-block-image size-large\"><img decoding=\"async\" data-id=\"11126\" src=\"https:\/\/easb4aajaue.exactdn.com\/wp\/wp-content\/uploads\/2023\/09\/Lab_7-2-1024x981.png?strip=all&resize=800%2C766\" alt=\"\" class=\"wp-image-11126\"\/><\/figure>\n\n\n\n<figure class=\"wp-block-image size-large\"><img decoding=\"async\" data-id=\"11120\" src=\"https:\/\/easb4aajaue.exactdn.com\/wp\/wp-content\/uploads\/2023\/09\/Lab_4-2-1024x841.png?strip=all&resize=800%2C657\" alt=\"\" class=\"wp-image-11120\"\/><\/figure>\n\n\n\n<figure class=\"wp-block-image size-large\"><img decoding=\"async\" data-id=\"11130\" src=\"https:\/\/easb4aajaue.exactdn.com\/wp\/wp-content\/uploads\/2023\/09\/Camara_2-2-1024x1001.png?strip=all&resize=800%2C782\" alt=\"\" class=\"wp-image-11130\"\/><\/figure>\n\n\n\n<figure class=\"wp-block-image size-large\"><img decoding=\"async\" data-id=\"11128\" src=\"https:\/\/easb4aajaue.exactdn.com\/wp\/wp-content\/uploads\/2023\/09\/Camara_1-2-1024x971.png?strip=all&resize=800%2C759\" alt=\"\" class=\"wp-image-11128\"\/><\/figure>\n<\/figure>\n\n\n\n<p class=\"wp-block-paragraph\"><\/p>\n\n\n\n<p class=\"wp-block-paragraph\">Durante a visita, os participantes tiveram a oportunidade de conhecer o trabalho desenvolvido pela equipa, de interagir e de conversar com os investigadores.<\/p>\n\n\n\n<p class=\"wp-block-paragraph\">O balan\u00e7o desta 1\u00aa edi\u00e7\u00e3o do Dia Aberto dirigido a Empresas e Produtores Agr\u00edcolas foi positivo, tendo sido capaz de atrair diversos visitantes, sobretudo empresas do setor como por exemplo a GreenBe Pharma, Vitacress Portugal, Fertiprado, Asfertglobal ou Portugal Nuts. A fileira do arroz foi a mais bem representada pelas empresas Novarroz, Ca\u00e7arola e Arrozeiras Mundiarroz.<\/p>\n\n\n\n<p class=\"wp-block-paragraph\"><\/p>","protected":false},"excerpt":{"rendered":"<p>A primeira edi\u00e7\u00e3o do Dia Aberto para Empresas e Produtores Agr\u00edcolas do InnovPlantProtect (InPP) aconteceu na passada quarta-feira, dia 13 de setembro, entre as 9h30 e as 12h00, na sede na Esta\u00e7\u00e3o Nacional de Melhoramento de Plantas, p\u00f3lo do INIAV de Elvas, com uma manh\u00e3 de atividades destinadas a empresas e agricultores, como palestras e [&hellip;]<\/p>\n","protected":false},"author":2,"featured_media":11132,"parent":0,"menu_order":0,"template":"","categories":[26],"tags":[],"class_list":["post-11014","eventos","type-eventos","status-publish","has-post-thumbnail","hentry","category-blog"],"acf":[],"_links":{"self":[{"href":"https:\/\/iplantprotect.pt\/en\/wp-json\/wp\/v2\/eventos\/11014","targetHints":{"allow":["GET"]}}],"collection":[{"href":"https:\/\/iplantprotect.pt\/en\/wp-json\/wp\/v2\/eventos"}],"about":[{"href":"https:\/\/iplantprotect.pt\/en\/wp-json\/wp\/v2\/types\/eventos"}],"author":[{"embeddable":true,"href":"https:\/\/iplantprotect.pt\/en\/wp-json\/wp\/v2\/users\/2"}],"version-history":[{"count":1,"href":"https:\/\/iplantprotect.pt\/en\/wp-json\/wp\/v2\/eventos\/11014\/revisions"}],"predecessor-version":[{"id":14955,"href":"https:\/\/iplantprotect.pt\/en\/wp-json\/wp\/v2\/eventos\/11014\/revisions\/14955"}],"wp:attachment":[{"href":"https:\/\/iplantprotect.pt\/en\/wp-json\/wp\/v2\/media?parent=11014"}],"wp:term":[{"taxonomy":"category","embeddable":true,"href":"https:\/\/iplantprotect.pt\/en\/wp-json\/wp\/v2\/categories?post=11014"},{"taxonomy":"post_tag","embeddable":true,"href":"https:\/\/iplantprotect.pt\/en\/wp-json\/wp\/v2\/tags?post=11014"}],"curies":[{"name":"wp","href":"https:\/\/api.w.org\/{rel}","templated":true}]}}